{"id":99,"date":"2025-10-12T13:26:34","date_gmt":"2025-10-12T13:26:34","guid":{"rendered":"https:\/\/mspowerchip.com.br\/?page_id=99"},"modified":"2025-10-12T14:17:56","modified_gmt":"2025-10-12T14:17:56","slug":"minha-jornada-no-mundo-automotivo-e-na-vida","status":"publish","type":"page","link":"https:\/\/mspowerchip.com.br\/?page_id=99","title":{"rendered":"Minha jornada no mundo automotivo e na vida."},"content":{"rendered":"\n<div class=\"wp-block-group alignfull is-style-section-2 has-global-padding is-layout-constrained wp-block-group-is-layout-constrained is-style-section-2--1\" style=\"margin-top:0;margin-bottom:0;padding-top:var(--wp--preset--spacing--60);padding-bottom:var(--wp--preset--spacing--60)\">\n<div class=\"wp-block-columns alignwide is-layout-flex wp-container-core-columns-is-layout-643ced6b wp-block-columns-is-layout-flex\">\n<div class=\"wp-block-column is-layout-flow wp-block-column-is-layout-flow\" style=\"flex-basis:40%\">\n<figure class=\"wp-block-image size-full\"><img loading=\"lazy\" decoding=\"async\" width=\"960\" height=\"706\" src=\"https:\/\/mspowerchip.com.br\/wp-content\/uploads\/2025\/10\/sidney-tere-.jpg\" alt=\"\" class=\"wp-image-101\" srcset=\"https:\/\/mspowerchip.com.br\/wp-content\/uploads\/2025\/10\/sidney-tere-.jpg 960w, https:\/\/mspowerchip.com.br\/wp-content\/uploads\/2025\/10\/sidney-tere--300x221.jpg 300w, https:\/\/mspowerchip.com.br\/wp-content\/uploads\/2025\/10\/sidney-tere--768x565.jpg 768w\" sizes=\"auto, (max-width: 960px) 100vw, 960px\" \/><\/figure>\n<\/div>\n\n\n\n<div class=\"wp-block-column is-vertically-aligned-center is-layout-flow wp-container-core-column-is-layout-119bc444 wp-block-column-is-layout-flow\" style=\"flex-basis:60%\">\n<h2 class=\"wp-block-heading has-xx-large-font-size\">O Podcast de Hist\u00f3rias<\/h2>\n\n\n\n<p>Tudo come\u00e7ou em <strong>1977<\/strong>, quando, aos <strong>14 anos de idade<\/strong>, iniciei minha jornada no mundo automotivo lavando motores em uma pequena oficina. Foi ali que nasceu minha paix\u00e3o por carros e pelo trabalho mec\u00e2nico&#8230;.<\/p>\n\n\n\n<p>Foto ao lado, eu e minha esposa no dia do nosso casamento, simples em uma pizzaria comum&#8230;j\u00e1 estava com oficina pr\u00f3pria a alguns anos.<\/p>\n\n\n\n<div class=\"wp-block-group is-vertical is-layout-flex wp-container-core-group-is-layout-41e20069 wp-block-group-is-layout-flex\"><\/div>\n<\/div>\n<\/div>\n<\/div>\n\n\n\n<div class=\"wp-block-group alignfull is-style-section-5 has-global-padding is-layout-constrained wp-block-group-is-layout-constrained is-style-section-5--2\" style=\"margin-top:0;margin-bottom:0;padding-top:var(--wp--preset--spacing--50);padding-bottom:var(--wp--preset--spacing--50)\">\n<div class=\"wp-block-columns alignwide is-layout-flex wp-container-core-columns-is-layout-7ee84d44 wp-block-columns-is-layout-flex\">\n<div class=\"wp-block-column is-vertically-aligned-center is-layout-flow wp-block-column-is-layout-flow\" style=\"flex-basis:50%\">\n<h2 class=\"wp-block-heading\">\n\t\t\t\tSobre o evento\t\t\t<\/h2>\n\n\n\n<p class=\"has-medium-font-size\">\ud83e\uddf0 <strong>Nossa Hist\u00f3ria<\/strong><\/p>\n\n\n\n<p>Tudo come\u00e7ou em <strong>1977<\/strong>, quando, aos <strong>14 anos de idade<\/strong>, iniciei minha jornada no mundo automotivo lavando motores em uma pequena oficina. Foi ali que nasceu minha paix\u00e3o por carros e pelo trabalho mec\u00e2nico.<\/p>\n\n\n\n<p>Aos <strong>16 anos<\/strong>, tive a grande oportunidade de trabalhar na <strong>Ford<\/strong>, onde permaneci at\u00e9 os <strong>20 anos<\/strong>, adquirindo conhecimento t\u00e9cnico, disciplina e experi\u00eancia com os mais diversos sistemas automotivos da \u00e9poca.<\/p>\n\n\n\n<p>Em <strong>1983<\/strong>, decidi seguir meu pr\u00f3prio caminho e fundei minha <strong>pr\u00f3pria oficina mec\u00e2nica<\/strong>. Desde ent\u00e3o, foram <strong>quatro sal\u00f5es comerciais<\/strong> at\u00e9 chegar ao ponto onde estamos hoje \u2014 sempre crescendo, evoluindo e acompanhando as novas tecnologias do setor automotivo.<\/p>\n\n\n\n<p>Atualmente, contamos com um verdadeiro <strong>servi\u00e7o de fam\u00edlia<\/strong>: meu <strong>filho Rafael<\/strong> e minha <strong>esposa Teresinha<\/strong> trabalham comigo diariamente, unindo experi\u00eancia e dedica\u00e7\u00e3o em cada atendimento. <\/p>\n\n\n\n<p>Juntos, enfrentamos esse novo mundo dos <strong>m\u00f3dulos eletr\u00f4nicos<\/strong>, sistemas modernos e diagn\u00f3sticos avan\u00e7ados, sem nunca perder o mesmo amor e cuidado de quando tudo come\u00e7ou.<\/p>\n\n\n\n<p>Com mais de quatro d\u00e9cadas de hist\u00f3ria, seguimos firmes, oferecendo <strong>trabalho de qualidade, confian\u00e7a e tradi\u00e7\u00e3o<\/strong>, sempre acompanhando a evolu\u00e7\u00e3o da mec\u00e2nica e da eletr\u00f4nica automotiva.<\/p>\n\n\n\n<p class=\"has-medium-font-size\">Com dedica\u00e7\u00e3o, honestidade e muito trabalho, seguimos <strong>at\u00e9 hoje<\/strong>, com <strong>muito sucesso<\/strong>, oferecendo servi\u00e7os de qualidade e confian\u00e7a para todos os nossos clientes.<\/p>\n<\/div>\n\n\n\n<div class=\"wp-block-column is-vertically-aligned-center is-layout-flow wp-block-column-is-layout-flow\" style=\"flex-basis:50%\">\n<figure class=\"wp-block-image size-large\"><img loading=\"lazy\" decoding=\"async\" width=\"576\" height=\"1024\" src=\"https:\/\/mspowerchip.com.br\/wp-content\/uploads\/2025\/10\/IMG_20170331_151840710_HDR-576x1024.jpg\" alt=\"\" class=\"wp-image-100\" srcset=\"https:\/\/mspowerchip.com.br\/wp-content\/uploads\/2025\/10\/IMG_20170331_151840710_HDR-576x1024.jpg 576w, https:\/\/mspowerchip.com.br\/wp-content\/uploads\/2025\/10\/IMG_20170331_151840710_HDR-169x300.jpg 169w, https:\/\/mspowerchip.com.br\/wp-content\/uploads\/2025\/10\/IMG_20170331_151840710_HDR-768x1365.jpg 768w, https:\/\/mspowerchip.com.br\/wp-content\/uploads\/2025\/10\/IMG_20170331_151840710_HDR-864x1536.jpg 864w, https:\/\/mspowerchip.com.br\/wp-content\/uploads\/2025\/10\/IMG_20170331_151840710_HDR-1152x2048.jpg 1152w, https:\/\/mspowerchip.com.br\/wp-content\/uploads\/2025\/10\/IMG_20170331_151840710_HDR-scaled.jpg 1440w\" sizes=\"auto, (max-width: 576px) 100vw, 576px\" \/><\/figure>\n<\/div>\n<\/div>\n\n\n\n<p class=\"has-contrast-color has-text-color has-link-color wp-elements-be35e109cfa03cb533da5e5a14921166\">conte sua historia, quem voce \u00e9 , como vc  come\u00e7ou, voc\u00ea tem oficina faz tempo,  como \u00e9 voc\u00ea , faz tempo que vc tem oficina, quero saber da sua vida, me fale sobre voce.<\/p>\n<\/div>\n\n\n\n<div class=\"wp-block-group alignfull is-style-section-1 has-global-padding is-layout-constrained wp-block-group-is-layout-constrained is-style-section-1--3\" style=\"margin-top:0;margin-bottom:0;padding-top:var(--wp--preset--spacing--80);padding-bottom:var(--wp--preset--spacing--80)\">\n<h2 class=\"wp-block-heading has-text-align-center\"><\/h2>\n\n\n\n<div style=\"height:var(--wp--preset--spacing--30)\" aria-hidden=\"true\" class=\"wp-block-spacer\"><\/div>\n\n\n\n<div class=\"wp-block-group alignwide is-content-justification-center is-layout-flex wp-container-core-group-is-layout-2c471116 wp-block-group-is-layout-flex\">\n\n\n\n\n\n\n\n<\/div>\n<\/div>\n\n\n\n<div class=\"wp-block-group alignfull has-global-padding is-layout-constrained wp-container-core-group-is-layout-ebee8dc1 wp-block-group-is-layout-constrained\" style=\"margin-top:0;margin-bottom:0;padding-top:var(--wp--preset--spacing--50);padding-bottom:var(--wp--preset--spacing--50)\">\n<div class=\"wp-block-group alignwide is-content-justification-space-between is-layout-flex wp-container-core-group-is-layout-9366075c wp-block-group-is-layout-flex\">\n<h2 class=\"wp-block-heading alignwide has-text-align-left is-style-text-subtitle has-x-large-font-size is-style-text-subtitle--4\">Explore os epis\u00f3dios<\/h2>\n\n\n\n<p class=\"is-style-text-annotation is-style-text-annotation--5\">Podcast<\/p>\n<\/div>\n\n\n\n<div class=\"wp-block-group alignwide is-layout-grid wp-container-core-group-is-layout-1ce758a5 wp-block-group-is-layout-grid\">\n<figure class=\"wp-block-video\"><\/figure>\n\n\n\n<figure class=\"wp-block-video\"><\/figure>\n\n\n\n<figure class=\"wp-block-video\"><\/figure>\n\n\n\n<figure class=\"wp-block-video\"><\/figure>\n\n\n\n<figure class=\"wp-block-video\"><\/figure>\n\n\n\n<figure class=\"wp-block-video\"><\/figure>\n<\/div>\n<\/div>\n\n\n\n<aside class=\"wp-block-group alignfull is-style-section-3 has-global-padding is-layout-constrained wp-container-core-group-is-layout-f0f2a97b wp-block-group-is-layout-constrained is-style-section-3--6\" style=\"margin-top:0;margin-bottom:0;padding-top:var(--wp--preset--spacing--50);padding-right:var(--wp--preset--spacing--50);padding-bottom:var(--wp--preset--spacing--50);padding-left:var(--wp--preset--spacing--50)\"><\/aside>\n\n\n\n<p><\/p>\n","protected":false},"excerpt":{"rendered":"<p>O Podcast de Hist\u00f3rias Tudo come\u00e7ou em 1977, quando, aos 14 anos de idade, iniciei minha jornada no mundo automotivo lavando motores em uma pequena oficina. Foi ali que nasceu minha paix\u00e3o por carros e pelo trabalho mec\u00e2nico&#8230;. Foto ao lado, eu e minha esposa no dia do nosso casamento, simples em uma pizzaria comum&#8230;j\u00e1 [&hellip;]<\/p>\n","protected":false},"author":1,"featured_media":0,"parent":0,"menu_order":0,"comment_status":"closed","ping_status":"closed","template":"","meta":{"_joinchat":[],"footnotes":""},"class_list":["post-99","page","type-page","status-publish","hentry"],"yoast_head":"<!-- This site is optimized with the Yoast SEO plugin v27.5 - https:\/\/yoast.com\/product\/yoast-seo-wordpress\/ -->\n<title>Minha jornada no mundo automotivo e na vida. - 42 anos de oficina mec\u00e2nica e reparos automotivos e 39 anos de Mecatr\u00f4nica e programa\u00e7\u00f5es.<\/title>\n<meta name=\"robots\" content=\"index, follow, max-snippet:-1, max-image-preview:large, max-video-preview:-1\" \/>\n<link rel=\"canonical\" href=\"https:\/\/mspowerchip.com.br\/?page_id=99\" \/>\n<meta property=\"og:locale\" content=\"pt_BR\" \/>\n<meta property=\"og:type\" content=\"article\" \/>\n<meta property=\"og:title\" content=\"Minha jornada no mundo automotivo e na vida. - 42 anos de oficina mec\u00e2nica e reparos automotivos e 39 anos de Mecatr\u00f4nica e programa\u00e7\u00f5es.\" \/>\n<meta property=\"og:description\" content=\"O Podcast de Hist\u00f3rias Tudo come\u00e7ou em 1977, quando, aos 14 anos de idade, iniciei minha jornada no mundo automotivo lavando motores em uma pequena oficina. Foi ali que nasceu minha paix\u00e3o por carros e pelo trabalho mec\u00e2nico&#8230;. Foto ao lado, eu e minha esposa no dia do nosso casamento, simples em uma pizzaria comum&#8230;j\u00e1 [&hellip;]\" \/>\n<meta property=\"og:url\" content=\"https:\/\/mspowerchip.com.br\/?page_id=99\" \/>\n<meta property=\"og:site_name\" content=\"42 anos de oficina mec\u00e2nica e reparos automotivos e 39 anos de Mecatr\u00f4nica e programa\u00e7\u00f5es.\" \/>\n<meta property=\"article:modified_time\" content=\"2025-10-12T14:17:56+00:00\" \/>\n<meta property=\"og:image\" content=\"https:\/\/mspowerchip.com.br\/wp-content\/uploads\/2025\/10\/sidney-tere-.jpg\" \/>\n\t<meta property=\"og:image:width\" content=\"960\" \/>\n\t<meta property=\"og:image:height\" content=\"706\" \/>\n\t<meta property=\"og:image:type\" content=\"image\/jpeg\" \/>\n<meta name=\"twitter:card\" content=\"summary_large_image\" \/>\n<meta name=\"twitter:label1\" content=\"Est. tempo de leitura\" \/>\n\t<meta name=\"twitter:data1\" content=\"4 minutos\" \/>\n<script type=\"application\/ld+json\" class=\"yoast-schema-graph\">{\"@context\":\"https:\\\/\\\/schema.org\",\"@graph\":[{\"@type\":\"WebPage\",\"@id\":\"https:\\\/\\\/mspowerchip.com.br\\\/?page_id=99\",\"url\":\"https:\\\/\\\/mspowerchip.com.br\\\/?page_id=99\",\"name\":\"Minha jornada no mundo automotivo e na vida. - 42 anos de oficina mec\u00e2nica e reparos automotivos e 39 anos de Mecatr\u00f4nica e programa\u00e7\u00f5es.\",\"isPartOf\":{\"@id\":\"https:\\\/\\\/mspowerchip.com.br\\\/#website\"},\"primaryImageOfPage\":{\"@id\":\"https:\\\/\\\/mspowerchip.com.br\\\/?page_id=99#primaryimage\"},\"image\":{\"@id\":\"https:\\\/\\\/mspowerchip.com.br\\\/?page_id=99#primaryimage\"},\"thumbnailUrl\":\"https:\\\/\\\/mspowerchip.com.br\\\/wp-content\\\/uploads\\\/2025\\\/10\\\/sidney-tere-.jpg\",\"datePublished\":\"2025-10-12T13:26:34+00:00\",\"dateModified\":\"2025-10-12T14:17:56+00:00\",\"breadcrumb\":{\"@id\":\"https:\\\/\\\/mspowerchip.com.br\\\/?page_id=99#breadcrumb\"},\"inLanguage\":\"pt-BR\",\"potentialAction\":[{\"@type\":\"ReadAction\",\"target\":[\"https:\\\/\\\/mspowerchip.com.br\\\/?page_id=99\"]}]},{\"@type\":\"ImageObject\",\"inLanguage\":\"pt-BR\",\"@id\":\"https:\\\/\\\/mspowerchip.com.br\\\/?page_id=99#primaryimage\",\"url\":\"https:\\\/\\\/mspowerchip.com.br\\\/wp-content\\\/uploads\\\/2025\\\/10\\\/sidney-tere-.jpg\",\"contentUrl\":\"https:\\\/\\\/mspowerchip.com.br\\\/wp-content\\\/uploads\\\/2025\\\/10\\\/sidney-tere-.jpg\",\"width\":960,\"height\":706},{\"@type\":\"BreadcrumbList\",\"@id\":\"https:\\\/\\\/mspowerchip.com.br\\\/?page_id=99#breadcrumb\",\"itemListElement\":[{\"@type\":\"ListItem\",\"position\":1,\"name\":\"In\u00edcio\",\"item\":\"https:\\\/\\\/mspowerchip.com.br\\\/\"},{\"@type\":\"ListItem\",\"position\":2,\"name\":\"Minha jornada no mundo automotivo e na vida.\"}]},{\"@type\":\"WebSite\",\"@id\":\"https:\\\/\\\/mspowerchip.com.br\\\/#website\",\"url\":\"https:\\\/\\\/mspowerchip.com.br\\\/\",\"name\":\"42 anos de oficina mec\u00e2nica e reparos automotivos e 39 anos de Mecatr\u00f4nica e programa\u00e7\u00f5es.\",\"description\":\"Oficina mec\u00e2nica e reparos automotivos , Mecatr\u00f4nica  e programa\u00e7\u00f5es. \",\"publisher\":{\"@id\":\"https:\\\/\\\/mspowerchip.com.br\\\/#organization\"},\"potentialAction\":[{\"@type\":\"SearchAction\",\"target\":{\"@type\":\"EntryPoint\",\"urlTemplate\":\"https:\\\/\\\/mspowerchip.com.br\\\/?s={search_term_string}\"},\"query-input\":{\"@type\":\"PropertyValueSpecification\",\"valueRequired\":true,\"valueName\":\"search_term_string\"}}],\"inLanguage\":\"pt-BR\"},{\"@type\":\"Organization\",\"@id\":\"https:\\\/\\\/mspowerchip.com.br\\\/#organization\",\"name\":\"42 anos de oficina mec\u00e2nica e reparos automotivos e 39 anos de Mecatr\u00f4nica e programa\u00e7\u00f5es.\",\"url\":\"https:\\\/\\\/mspowerchip.com.br\\\/\",\"logo\":{\"@type\":\"ImageObject\",\"inLanguage\":\"pt-BR\",\"@id\":\"https:\\\/\\\/mspowerchip.com.br\\\/#\\\/schema\\\/logo\\\/image\\\/\",\"url\":\"https:\\\/\\\/mspowerchip.com.br\\\/wp-content\\\/uploads\\\/2025\\\/10\\\/logo-mspowerchip.png\",\"contentUrl\":\"https:\\\/\\\/mspowerchip.com.br\\\/wp-content\\\/uploads\\\/2025\\\/10\\\/logo-mspowerchip.png\",\"width\":437,\"height\":115,\"caption\":\"42 anos de oficina mec\u00e2nica e reparos automotivos e 39 anos de Mecatr\u00f4nica  e programa\u00e7\u00f5es. \"},\"image\":{\"@id\":\"https:\\\/\\\/mspowerchip.com.br\\\/#\\\/schema\\\/logo\\\/image\\\/\"}}]}<\/script>\n<!-- \/ Yoast SEO plugin. -->","yoast_head_json":{"title":"Minha jornada no mundo automotivo e na vida. - 42 anos de oficina mec\u00e2nica e reparos automotivos e 39 anos de Mecatr\u00f4nica e programa\u00e7\u00f5es.","robots":{"index":"index","follow":"follow","max-snippet":"max-snippet:-1","max-image-preview":"max-image-preview:large","max-video-preview":"max-video-preview:-1"},"canonical":"https:\/\/mspowerchip.com.br\/?page_id=99","og_locale":"pt_BR","og_type":"article","og_title":"Minha jornada no mundo automotivo e na vida. - 42 anos de oficina mec\u00e2nica e reparos automotivos e 39 anos de Mecatr\u00f4nica e programa\u00e7\u00f5es.","og_description":"O Podcast de Hist\u00f3rias Tudo come\u00e7ou em 1977, quando, aos 14 anos de idade, iniciei minha jornada no mundo automotivo lavando motores em uma pequena oficina. Foi ali que nasceu minha paix\u00e3o por carros e pelo trabalho mec\u00e2nico&#8230;. Foto ao lado, eu e minha esposa no dia do nosso casamento, simples em uma pizzaria comum&#8230;j\u00e1 [&hellip;]","og_url":"https:\/\/mspowerchip.com.br\/?page_id=99","og_site_name":"42 anos de oficina mec\u00e2nica e reparos automotivos e 39 anos de Mecatr\u00f4nica e programa\u00e7\u00f5es.","article_modified_time":"2025-10-12T14:17:56+00:00","og_image":[{"width":960,"height":706,"url":"https:\/\/mspowerchip.com.br\/wp-content\/uploads\/2025\/10\/sidney-tere-.jpg","type":"image\/jpeg"}],"twitter_card":"summary_large_image","twitter_misc":{"Est. tempo de leitura":"4 minutos"},"schema":{"@context":"https:\/\/schema.org","@graph":[{"@type":"WebPage","@id":"https:\/\/mspowerchip.com.br\/?page_id=99","url":"https:\/\/mspowerchip.com.br\/?page_id=99","name":"Minha jornada no mundo automotivo e na vida. - 42 anos de oficina mec\u00e2nica e reparos automotivos e 39 anos de Mecatr\u00f4nica e programa\u00e7\u00f5es.","isPartOf":{"@id":"https:\/\/mspowerchip.com.br\/#website"},"primaryImageOfPage":{"@id":"https:\/\/mspowerchip.com.br\/?page_id=99#primaryimage"},"image":{"@id":"https:\/\/mspowerchip.com.br\/?page_id=99#primaryimage"},"thumbnailUrl":"https:\/\/mspowerchip.com.br\/wp-content\/uploads\/2025\/10\/sidney-tere-.jpg","datePublished":"2025-10-12T13:26:34+00:00","dateModified":"2025-10-12T14:17:56+00:00","breadcrumb":{"@id":"https:\/\/mspowerchip.com.br\/?page_id=99#breadcrumb"},"inLanguage":"pt-BR","potentialAction":[{"@type":"ReadAction","target":["https:\/\/mspowerchip.com.br\/?page_id=99"]}]},{"@type":"ImageObject","inLanguage":"pt-BR","@id":"https:\/\/mspowerchip.com.br\/?page_id=99#primaryimage","url":"https:\/\/mspowerchip.com.br\/wp-content\/uploads\/2025\/10\/sidney-tere-.jpg","contentUrl":"https:\/\/mspowerchip.com.br\/wp-content\/uploads\/2025\/10\/sidney-tere-.jpg","width":960,"height":706},{"@type":"BreadcrumbList","@id":"https:\/\/mspowerchip.com.br\/?page_id=99#breadcrumb","itemListElement":[{"@type":"ListItem","position":1,"name":"In\u00edcio","item":"https:\/\/mspowerchip.com.br\/"},{"@type":"ListItem","position":2,"name":"Minha jornada no mundo automotivo e na vida."}]},{"@type":"WebSite","@id":"https:\/\/mspowerchip.com.br\/#website","url":"https:\/\/mspowerchip.com.br\/","name":"42 anos de oficina mec\u00e2nica e reparos automotivos e 39 anos de Mecatr\u00f4nica e programa\u00e7\u00f5es.","description":"Oficina mec\u00e2nica e reparos automotivos , Mecatr\u00f4nica  e programa\u00e7\u00f5es. ","publisher":{"@id":"https:\/\/mspowerchip.com.br\/#organization"},"potentialAction":[{"@type":"SearchAction","target":{"@type":"EntryPoint","urlTemplate":"https:\/\/mspowerchip.com.br\/?s={search_term_string}"},"query-input":{"@type":"PropertyValueSpecification","valueRequired":true,"valueName":"search_term_string"}}],"inLanguage":"pt-BR"},{"@type":"Organization","@id":"https:\/\/mspowerchip.com.br\/#organization","name":"42 anos de oficina mec\u00e2nica e reparos automotivos e 39 anos de Mecatr\u00f4nica e programa\u00e7\u00f5es.","url":"https:\/\/mspowerchip.com.br\/","logo":{"@type":"ImageObject","inLanguage":"pt-BR","@id":"https:\/\/mspowerchip.com.br\/#\/schema\/logo\/image\/","url":"https:\/\/mspowerchip.com.br\/wp-content\/uploads\/2025\/10\/logo-mspowerchip.png","contentUrl":"https:\/\/mspowerchip.com.br\/wp-content\/uploads\/2025\/10\/logo-mspowerchip.png","width":437,"height":115,"caption":"42 anos de oficina mec\u00e2nica e reparos automotivos e 39 anos de Mecatr\u00f4nica  e programa\u00e7\u00f5es. "},"image":{"@id":"https:\/\/mspowerchip.com.br\/#\/schema\/logo\/image\/"}}]}},"_links":{"self":[{"href":"https:\/\/mspowerchip.com.br\/index.php?rest_route=\/wp\/v2\/pages\/99","targetHints":{"allow":["GET"]}}],"collection":[{"href":"https:\/\/mspowerchip.com.br\/index.php?rest_route=\/wp\/v2\/pages"}],"about":[{"href":"https:\/\/mspowerchip.com.br\/index.php?rest_route=\/wp\/v2\/types\/page"}],"author":[{"embeddable":true,"href":"https:\/\/mspowerchip.com.br\/index.php?rest_route=\/wp\/v2\/users\/1"}],"replies":[{"embeddable":true,"href":"https:\/\/mspowerchip.com.br\/index.php?rest_route=%2Fwp%2Fv2%2Fcomments&post=99"}],"version-history":[{"count":3,"href":"https:\/\/mspowerchip.com.br\/index.php?rest_route=\/wp\/v2\/pages\/99\/revisions"}],"predecessor-version":[{"id":127,"href":"https:\/\/mspowerchip.com.br\/index.php?rest_route=\/wp\/v2\/pages\/99\/revisions\/127"}],"wp:attachment":[{"href":"https:\/\/mspowerchip.com.br\/index.php?rest_route=%2Fwp%2Fv2%2Fmedia&parent=99"}],"curies":[{"name":"wp","href":"https:\/\/api.w.org\/{rel}","templated":true}]}}